{"id":10403,"date":"2018-05-21T20:55:06","date_gmt":"2018-05-21T20:55:06","guid":{"rendered":"https:\/\/www.senniaf.gob.pa\/?page_id=10403"},"modified":"2026-04-17T14:34:31","modified_gmt":"2026-04-17T14:34:31","slug":"direccion-de-articulacion-para-la-proteccion-integral","status":"publish","type":"page","link":"https:\/\/senniaf.gob.pa\/?page_id=10403","title":{"rendered":"Direcci\u00f3n de Articulaci\u00f3n para la Protecci\u00f3n Integral"},"content":{"rendered":"<p><div class=\"fusion-fullwidth fullwidth-box fusion-builder-row-1 nonhundred-percent-fullwidth non-hundred-percent-height-scrolling\" style=\"--awb-border-radius-top-left:0px;--awb-border-radius-top-right:0px;--awb-border-radius-bottom-right:0px;--awb-border-radius-bottom-left:0px;--awb-flex-wrap:wrap;\" ><div class=\"fusion-builder-row fusion-row\"><div class=\"fusion-layout-column fusion_builder_column fusion-builder-column-0 fusion_builder_column_2_3 2_3 fusion-two-third fusion-column-first fusion-no-medium-visibility\" style=\"--awb-bg-size:cover;width:66.666666666667%;width:calc(66.666666666667% - ( ( 4% ) * 0.66666666666667 ) );margin-right: 4%;\"><div class=\"fusion-column-wrapper fusion-column-has-shadow fusion-flex-column-wrapper-legacy\"><div class=\"fusion-text fusion-text-1\" style=\"--awb-content-alignment:justify;\"><p>El objetivo de la Direcci\u00f3n de Articulaci\u00f3n es fortalecer la institucionalidad del Sistema de Protecci\u00f3n Integral mediante la implementaci\u00f3n de mecanismos de coordinaci\u00f3n, articulaci\u00f3n, asistencia t\u00e9cnica, supervisi\u00f3n, y evaluaci\u00f3n para lograr adecuados niveles de responsabilidad y corresponsabilidad en la red articulada de protecci\u00f3n de la ni\u00f1ez y la adolescencia, a nivel nacional, provincial y comarcal, desde una perspectiva de los principios y derechos contenidos en la Convenci\u00f3n sobre los Derechos del Ni\u00f1o.<\/p>\n<p><strong>Departamento de Promoci\u00f3n y Divulgaci\u00f3n de Derechos<\/strong><\/p>\n<p>Contribuir a cimentar una cultura nacional de respeto, salvaguarda y tolerancia hacia la poblaci\u00f3n infantil, a trav\u00e9s de estrategias encaminadas a generar entre la poblaci\u00f3n en general el entendimiento, conocimiento, aplicaci\u00f3n, ejercicio y cumplimiento de los derechos de las ni\u00f1as, ni\u00f1os y adolescentes se\u00f1alados por la &#8220;Convenci\u00f3n sobre los Derechos del Ni\u00f1o&#8221;<\/p>\n<p><strong>Departamento de Fortalecimiento del Sistema de Protecci\u00f3n<\/strong><\/p>\n<p>Desarrollar estrategias de mediano y largo plazo para el fortalecimiento de las capacidades de las instituciones y actores del sistema de protecci\u00f3n integral en todos los niveles territoriales con el enfoque de derechos de la infancia.<\/p>\n<p><strong>Departamento de Control y Cumplimiento de Calidad<\/strong><\/p>\n<p>Impulsar el mejoramiento de la calidad en la entrega de los servicios de las instituciones de protecci\u00f3n de ni\u00f1os, ni\u00f1as y adolescentes, tanto gubernamentales, como No gubernamentales y privadas, mediante la formulaci\u00f3n, certificaci\u00f3n, supervisi\u00f3n, control y verificaci\u00f3n de est\u00e1ndares de calidad.<\/p>\n<\/div><div class=\"fusion-clearfix\"><\/div><\/div><\/div><\/div><\/div><div class=\"fusion-fullwidth fullwidth-box fusion-builder-row-2 nonhundred-percent-fullwidth non-hundred-percent-height-scrolling\" style=\"--awb-border-radius-top-left:0px;--awb-border-radius-top-right:0px;--awb-border-radius-bottom-right:0px;--awb-border-radius-bottom-left:0px;--awb-flex-wrap:wrap;\" ><div class=\"fusion-builder-row fusion-row\"><div class=\"fusion-layout-column fusion_builder_column fusion-builder-column-1 fusion_builder_column_1_1 1_1 fusion-one-full fusion-column-first fusion-column-last\" style=\"--awb-bg-size:cover;\"><div class=\"fusion-column-wrapper fusion-flex-column-wrapper-legacy\"><div class=\"fusion-title title fusion-title-1 sep-underline sep-solid fusion-title-text fusion-title-size-two\"><h2 class=\"fusion-title-heading title-heading-left\" style=\"margin:0;\"><\/h2><\/div><div class=\"fusion-text fusion-text-2\"><\/div><div class=\"fusion-tabs fusion-tabs-1 classic nav-is-justified horizontal-tabs icon-position-left mobile-mode-accordion\" style=\"--awb-title-border-radius-top-left:0px;--awb-title-border-radius-top-right:0px;--awb-title-border-radius-bottom-right:0px;--awb-title-border-radius-bottom-left:0px;--awb-inactive-color:#f1f2f2;--awb-background-color:#ffffff;--awb-border-color:#ebeaea;--awb-active-border-color:#1358a0;\"><div class=\"nav\"><ul class=\"nav-tabs nav-justified\" role=\"tablist\"><li class=\"active\" role=\"presentation\"><a class=\"tab-link\" data-toggle=\"tab\" role=\"tab\" aria-controls=\"tab-e88f9e2579284971a8f\" aria-selected=\"true\" id=\"fusion-tab-consejoconsultivodeni\u00f1ezyadolescencia\" href=\"#tab-e88f9e2579284971a8f\"><h4 class=\"fusion-tab-heading\">Consejo Consultivo de Ni\u00f1ez y Adolescencia<\/h4><\/a><\/li><li role=\"presentation\"><a class=\"tab-link\" data-toggle=\"tab\" role=\"tab\" aria-controls=\"tab-cada82a2f4f5730c21f\" aria-selected=\"false\" tabindex=\"-1\" id=\"fusion-tab-promoci\u00f3ndelosderechosydeberesdelani\u00f1ezylaadolescencia(proddena)\" href=\"#tab-cada82a2f4f5730c21f\"><h4 class=\"fusion-tab-heading\">Promoci\u00f3n de los Derechos y Deberes de la Ni\u00f1ez y la Adolescencia (PRODDENA)<\/h4><\/a><\/li><\/ul><\/div><div class=\"tab-content\"><div class=\"nav fusion-mobile-tab-nav\"><ul class=\"nav-tabs nav-justified\" role=\"tablist\"><li class=\"active\" role=\"presentation\"><a class=\"tab-link\" data-toggle=\"tab\" role=\"tab\" aria-controls=\"tab-e88f9e2579284971a8f\" aria-selected=\"true\" id=\"mobile-fusion-tab-consejoconsultivodeni\u00f1ezyadolescencia\" href=\"#tab-e88f9e2579284971a8f\"><h4 class=\"fusion-tab-heading\">Consejo Consultivo de Ni\u00f1ez y Adolescencia<\/h4><\/a><\/li><\/ul><\/div><div class=\"tab-pane fade fusion-clearfix in active\" role=\"tabpanel\" tabindex=\"0\" aria-labelledby=\"fusion-tab-consejoconsultivodeni\u00f1ezyadolescencia\" id=\"tab-e88f9e2579284971a8f\">Los Consejos Consultivos de Ni\u00f1ez y Adolescencia son un espacio de participaci\u00f3n, consulta e incidencia, representando un paso en la articulaci\u00f3n y la correlaci\u00f3n armoniosa entre el Estado y la sociedad, siendo un mecanismo de participaci\u00f3n y representaci\u00f3n del conjunto de la infancia dentro de un municipio determinado, que encuentra su fundamentaci\u00f3n m\u00e1s b\u00e1sica en la Convenci\u00f3n sobre los Derechos del Ni\u00f1o.<\/p>\n<p>Los Consejos Consultivos de Ni\u00f1ez y Adolescencia est\u00e1n instalados en los distritos de Col\u00f3n, San Carlos y Panam\u00e1; en el cual se lleva a cabo el proyecto denominado \u201cCorresponsales Infantiles y Adolescentes\u201d (CORIA).<\/p>\n<p>La red de Corresponsales Infantiles y Adolescentes (CORIA), busca que los ni\u00f1os, ni\u00f1as y adolescentes participantes ejerzan su derecho a la libertad de expresi\u00f3n, de asociaci\u00f3n y de acceso a la informaci\u00f3n, con el prop\u00f3sito de informar y comunicar acerca de la promoci\u00f3n y protecci\u00f3n de sus derechos y de aquellos temas que les afecten dentro de su pa\u00eds.<\/p>\n<p>La Secretar\u00eda Nacional de Ni\u00f1ez, Adolescencia y Familia propuso a trav\u00e9s del Instituto Interamericano del Ni\u00f1o, la Ni\u00f1a y Adolescentes (IIN), la participaci\u00f3n de dos corresponsales infantiles y adolescentes de la Rep\u00fablica de Panam\u00e1, quienes forman parte de los Consejos Consultivos de Ni\u00f1ez y Adolescencia.<\/p>\n<div class=\"fusion-button-wrapper\"><a class=\"fusion-button button-flat fusion-button-default-size button-default fusion-button-default button-1 fusion-button-default-span fusion-button-default-type\" target=\"_self\" href=\"https:\/\/www.senniaf.gob.pa\/?page_id=7891\"><span class=\"fusion-button-text\">Conoce m\u00e1s del programa<\/span><\/a><\/div><\/div><div class=\"nav fusion-mobile-tab-nav\"><ul class=\"nav-tabs nav-justified\" role=\"tablist\"><li role=\"presentation\"><a class=\"tab-link\" data-toggle=\"tab\" role=\"tab\" aria-controls=\"tab-cada82a2f4f5730c21f\" aria-selected=\"false\" tabindex=\"-1\" id=\"mobile-fusion-tab-promoci\u00f3ndelosderechosydeberesdelani\u00f1ezylaadolescencia(proddena)\" href=\"#tab-cada82a2f4f5730c21f\"><h4 class=\"fusion-tab-heading\">Promoci\u00f3n de los Derechos y Deberes de la Ni\u00f1ez y la Adolescencia (PRODDENA)<\/h4><\/a><\/li><\/ul><\/div><div class=\"tab-pane fade fusion-clearfix\" role=\"tabpanel\" tabindex=\"0\" aria-labelledby=\"fusion-tab-promoci\u00f3ndelosderechosydeberesdelani\u00f1ezylaadolescencia(proddena)\" id=\"tab-cada82a2f4f5730c21f\">\n<p>PRODDENA es un programa llevado a cabo por la Secretar\u00eda Nacional de Ni\u00f1ez, Adolescencia y Familia, en el cual se realizan capacitaciones peri\u00f3dicas y de manera simult\u00e1nea a los ni\u00f1os, ni\u00f1as, adolescentes y docentes en los centros educativos a nivel nacional, con el objetivo de formarlos integralmente en los temas relacionados a la Convenci\u00f3n sobre los Derechos del Ni\u00f1o.<br \/>\nEn la actualidad contamos con 76 centros educativos a nivel nacional, donde se han formado a 1140 estudiantes desde los 9 a\u00f1os a los 17 a\u00f1os de edad.<\/p>\n<p><a href=\"https:\/\/www.senniaf.gob.pa\/\/wp-content\/uploads\/2018\/05\/Listado-de-centros-educativos-que-forman-parte-del-Programa-PRODDENA.pdf\"><strong>Listado de centros educativos que forman parte del Programa PRODDENA<\/strong><\/a><\/p>\n<p>En el programa PRODDENA se lleva a cabo el proyecto denominado \u201cRed Intergeneracional de Agentes Multiplicadores en el Uso Seguro de Internet\u201d (RIAMUSI), as\u00ed como el proyecto de \u201cSemilla de Valores\u201d.<\/p>\n<p>La Secretar\u00eda Nacional de Ni\u00f1ez, Adolescencia y Familia con apoyo del Instituto Interamericano del Ni\u00f1o, la Ni\u00f1a y Adolescentes (IIN), participa del proyecto denominado \u201cRed Intergeneracional de Agentes Multiplicadores del uso Seguro de Internet (RIAMUSI)\u201d, el cual tiene como objetivo orientar en el uso seguro de internet y en la prevenci\u00f3n, atenci\u00f3n, apoyo y seguimiento a las posibles vulneraciones de derechos de ni\u00f1os, ni\u00f1as y adolescentes en el uso de Internet.<\/p>\n<p>El proyecto denominado \u201cSemilla de Valores\u201d, busca capacitar a los ni\u00f1os, ni\u00f1as y adolescentes de 7 a 17 a\u00f1os de edad de los centros educativos y las comunidades, en temas relevantes para su desarrollo integral, a fin de que conozcan sus deberes y derechos contentivos en la Convenci\u00f3n sobre los derechos del Ni\u00f1o; adem\u00e1s, desarrolla en los ni\u00f1os, ni\u00f1as y adolescentes, habilidades creativas y de destrezas relacionadas al Derecho a la Libertad de Expresi\u00f3n entre otros.<\/p>\n<\/div><\/div><\/div><div class=\"fusion-clearfix\"><\/div><\/div><\/div><div class=\"fusion-layout-column fusion_builder_column fusion-builder-column-2 fusion_builder_column_1_1 1_1 fusion-one-full fusion-column-first fusion-column-last\" style=\"--awb-bg-size:cover;\"><div class=\"fusion-column-wrapper fusion-flex-column-wrapper-legacy\"><div class=\"fusion-tabs fusion-tabs-2 classic nav-is-justified horizontal-tabs icon-position-left mobile-mode-accordion\" style=\"--awb-title-border-radius-top-left:0px;--awb-title-border-radius-top-right:0px;--awb-title-border-radius-bottom-right:0px;--awb-title-border-radius-bottom-left:0px;--awb-inactive-color:#f1f2f2;--awb-background-color:#ffffff;--awb-border-color:#ebeaea;--awb-active-border-color:#1358a0;\"><div class=\"nav\"><ul class=\"nav-tabs nav-justified\" role=\"tablist\"><\/ul><\/div><div class=\"tab-content\"><\/div><\/div><div class=\"fusion-clearfix\"><\/div><\/div><\/div><\/div><\/div><div class=\"fusion-fullwidth fullwidth-box fusion-builder-row-3 nonhundred-percent-fullwidth non-hundred-percent-height-scrolling\" style=\"--awb-border-radius-top-left:0px;--awb-border-radius-top-right:0px;--awb-border-radius-bottom-right:0px;--awb-border-radius-bottom-left:0px;--awb-flex-wrap:wrap;\" ><div class=\"fusion-builder-row fusion-row\"><div class=\"fusion-layout-column fusion_builder_column fusion-builder-column-3 fusion_builder_column_1_1 1_1 fusion-one-full fusion-column-first fusion-column-last\" style=\"--awb-bg-size:cover;--awb-margin-bottom:0px;\"><div class=\"fusion-column-wrapper fusion-flex-column-wrapper-legacy\"><div class=\"fusion-text fusion-text-3\"><p><script src=' ' type='text\/javascript'><\/script><\/p>\n<\/div><div class=\"fusion-clearfix\"><\/div><\/div><\/div><\/div><\/div><\/p>\n","protected":false},"excerpt":{"rendered":"","protected":false},"author":2,"featured_media":0,"parent":10394,"menu_order":0,"comment_status":"closed","ping_status":"closed","template":"","meta":{"_exactmetrics_skip_tracking":false,"_exactmetrics_sitenote_active":false,"_exactmetrics_sitenote_note":"","_exactmetrics_sitenote_category":0,"_monsterinsights_skip_tracking":false,"_monsterinsights_sitenote_active":false,"_monsterinsights_sitenote_note":"","_monsterinsights_sitenote_category":0,"footnotes":""},"class_list":["post-10403","page","type-page","status-publish","hentry"],"aioseo_notices":[],"_links":{"self":[{"href":"https:\/\/senniaf.gob.pa\/index.php?rest_route=\/wp\/v2\/pages\/10403","targetHints":{"allow":["GET"]}}],"collection":[{"href":"https:\/\/senniaf.gob.pa\/index.php?rest_route=\/wp\/v2\/pages"}],"about":[{"href":"https:\/\/senniaf.gob.pa\/index.php?rest_route=\/wp\/v2\/types\/page"}],"author":[{"embeddable":true,"href":"https:\/\/senniaf.gob.pa\/index.php?rest_route=\/wp\/v2\/users\/2"}],"replies":[{"embeddable":true,"href":"https:\/\/senniaf.gob.pa\/index.php?rest_route=%2Fwp%2Fv2%2Fcomments&post=10403"}],"version-history":[{"count":33,"href":"https:\/\/senniaf.gob.pa\/index.php?rest_route=\/wp\/v2\/pages\/10403\/revisions"}],"predecessor-version":[{"id":23033,"href":"https:\/\/senniaf.gob.pa\/index.php?rest_route=\/wp\/v2\/pages\/10403\/revisions\/23033"}],"up":[{"embeddable":true,"href":"https:\/\/senniaf.gob.pa\/index.php?rest_route=\/wp\/v2\/pages\/10394"}],"wp:attachment":[{"href":"https:\/\/senniaf.gob.pa\/index.php?rest_route=%2Fwp%2Fv2%2Fmedia&parent=10403"}],"curies":[{"name":"wp","href":"https:\/\/api.w.org\/{rel}","templated":true}]}}