{"id":28,"date":"2026-04-14T11:22:05","date_gmt":"2026-04-14T11:22:05","guid":{"rendered":"https:\/\/www.senniaf.gob.pa\/?page_id=28"},"modified":"2026-04-16T20:57:29","modified_gmt":"2026-04-16T20:57:29","slug":"familia-acogente","status":"publish","type":"page","link":"https:\/\/senniaf.gob.pa\/?page_id=28","title":{"rendered":"Familia Acogente"},"content":{"rendered":"<p><div class=\"fusion-fullwidth fullwidth-box fusion-builder-row-1 nonhundred-percent-fullwidth non-hundred-percent-height-scrolling\" style=\"--awb-border-radius-top-left:0px;--awb-border-radius-top-right:0px;--awb-border-radius-bottom-right:0px;--awb-border-radius-bottom-left:0px;--awb-flex-wrap:wrap;\" ><div class=\"fusion-builder-row fusion-row\"><div class=\"fusion-layout-column fusion_builder_column fusion-builder-column-0 fusion_builder_column_2_3 2_3 fusion-two-third fusion-column-first\" style=\"--awb-bg-size:cover;width:66.666666666667%;width:calc(66.666666666667% - ( ( 4% ) * 0.66666666666667 ) );margin-right: 4%;\"><div class=\"fusion-column-wrapper fusion-flex-column-wrapper-legacy\"><div class=\"fusion-title title fusion-title-1 sep-underline sep-solid fusion-title-text fusion-title-size-two\"><h2 class=\"fusion-title-heading title-heading-left\" style=\"margin:0;\">Objetivo Principal<\/h2><\/div><div class=\"fusion-text fusion-text-1\"><p><span style=\"color: #000000;\">Brindar\u00a0 un entorno familiar que provea al ni\u00f1o, ni\u00f1a o adolescente\u00a0 de las condiciones de seguridad, bienestar y afecto, mientras se lleve a cabo el proceso de restablecimiento de sus derechos o se superan las situaciones que dieron lugar a la separaci\u00f3n familiar o perdida temporal del cuidado parental.<\/span><\/p>\n<\/div><div class=\"fusion-title title fusion-title-2 sep-underline sep-solid fusion-title-text fusion-title-size-three\"><h3 class=\"fusion-title-heading title-heading-left\" style=\"margin:0;\"><h2>Documentaci\u00f3n requerida:<\/h2><\/h3><\/div><ul style=\"--awb-size:16px;--awb-textcolor:#0a0a0a;--awb-line-height:27.2px;--awb-icon-width:27.2px;--awb-icon-height:27.2px;--awb-icon-margin:11.2px;--awb-content-margin:38.4px;--awb-circlecolor:#1a80b6;--awb-circle-yes-font-size:14.08px;\" class=\"fusion-checklist fusion-checklist-1 fusion-checklist-default type-numbered\"><li class=\"fusion-li-item\" style=\"\"><span class=\"icon-wrapper circle-yes\">1<\/span><div class=\"fusion-li-item-content\">\n<p>Solicitud enviada a la Direcci\u00f3n General de la SENNIAF, para participar del programa.<\/p>\n<\/div><\/li><li class=\"fusion-li-item\" style=\"\"><span class=\"icon-wrapper circle-yes\">2<\/span><div class=\"fusion-li-item-content\">\n<p>Certificado de Nacimiento de la persona o personas interesadas.<\/p>\n<\/div><\/li><li class=\"fusion-li-item\" style=\"\"><span class=\"icon-wrapper circle-yes\">3<\/span><div class=\"fusion-li-item-content\">\n<p>Certificado de matrimonio, prueba de uni\u00f3n de hecho legalmente reconocida,\u00a0 o certificaci\u00f3n de uni\u00f3n de hecho por las autoridades tradicionales ind\u00edgenas cuando sea el caso, si es soltero, certificado de solter\u00eda.<\/p>\n<\/div><\/li><li class=\"fusion-li-item\" style=\"\"><span class=\"icon-wrapper circle-yes\">4<\/span><div class=\"fusion-li-item-content\">\n<p>Certificaci\u00f3n de trabajo u otro documento que permita establecer la capacidad de satisfacer las necesidades materiales del ni\u00f1o, ni\u00f1a o adolescente.<\/p>\n<\/div><\/li><li class=\"fusion-li-item\" style=\"\"><span class=\"icon-wrapper circle-yes\">5<\/span><div class=\"fusion-li-item-content\">\n<p>Informe de entrevista psicosocial a los hijos e hijas de los interesados o de cualquier persona que resida permanentemente en el hogar, que refleje la opini\u00f3n de los entrevistados, excentuando a los coloboradores del hogar en caso de que existan.<\/p>\n<\/div><\/li><li class=\"fusion-li-item\" style=\"\"><span class=\"icon-wrapper circle-yes\">6<\/span><div class=\"fusion-li-item-content\">\n<p>Certificado de buena salud f\u00edsica y mental expedido por un m\u00e9dico id\u00f3neo en la Rep\u00fablica de Panam\u00e1.<\/p>\n<\/div><\/li><li class=\"fusion-li-item\" style=\"\"><span class=\"icon-wrapper circle-yes\">7<\/span><div class=\"fusion-li-item-content\">\n<p>Evaluaci\u00f3n psicol\u00f3gica de los solicitantes, realizada por un psic\u00f3logo id\u00f3neo, con 2 a\u00f1os de experiencia en el ejercicio de la profesi\u00f3n.<\/p>\n<\/div><\/li><li class=\"fusion-li-item\" style=\"\"><span class=\"icon-wrapper circle-yes\">8<\/span><div class=\"fusion-li-item-content\">\n<p>Dos fotos tama\u00f1o carn\u00e9 en colores.<\/p>\n<\/div><\/li><li class=\"fusion-li-item\" style=\"\"><span class=\"icon-wrapper circle-yes\">9<\/span><div class=\"fusion-li-item-content\">\n<p>Fotograf\u00edas en colores, tama\u00f1o postal de la fachada, interior y de la parte posterior de la residencia del solicitante o solicitantes.<\/p>\n<\/div><\/li><li class=\"fusion-li-item\" style=\"\"><span class=\"icon-wrapper circle-yes\">10<\/span><div class=\"fusion-li-item-content\">\n<p>Certificaci\u00f3n de informaci\u00f3n de antecentes personales. (R\u00e9cod Policivo)<\/p>\n<\/div><\/li><li class=\"fusion-li-item\" style=\"\"><span class=\"icon-wrapper circle-yes\">11<\/span><div class=\"fusion-li-item-content\">\n<p>Evaluaci\u00f3n social de los solicitantes, realizada por un trabajador social id\u00f3neo, con dos a\u00f1os de experiencia.<\/p>\n<\/div><\/li><li class=\"fusion-li-item\" style=\"\"><span class=\"icon-wrapper circle-yes\">12<\/span><div class=\"fusion-li-item-content\">\n<p>Dos cartas de recomendaci\u00f3n de personas de reconocida solvencia moral, que no sean parientes y que hayan conocido a los solicitantes por un per\u00edodo mayor de 10 a\u00f1os.<\/p>\n<\/div><\/li><li class=\"fusion-li-item\" style=\"\"><span class=\"icon-wrapper circle-yes\">13<\/span><div class=\"fusion-li-item-content\">\n<p>Certificado de culminaci\u00f3n del Programa de Formaci\u00f3n para Familias Acogentes, expedido por la SENNIAF u Organizaci\u00f3n no gubernamental.<\/p>\n<\/div><\/li><\/ul><div class=\"fusion-clearfix\"><\/div><\/div><\/div><div class=\"fusion-layout-column fusion_builder_column fusion-builder-column-1 fusion_builder_column_1_3 1_3 fusion-one-third fusion-column-last\" style=\"--awb-bg-size:cover;width:33.333333333333%;width:calc(33.333333333333% - ( ( 4% ) * 0.33333333333333 ) );\"><div class=\"fusion-column-wrapper fusion-flex-column-wrapper-legacy\"><div class=\"fusion-video fusion-selfhosted-video\" style=\"max-width:100%;\"><div class=\"video-wrapper\"><video playsinline=\"true\" width=\"100%\" style=\"object-fit: cover;\" autoplay=\"true\" muted=\"true\" loop=\"true\" preload=\"auto\" controls=\"1\"><source src=\"https:\/\/senniaf.gob.pa\/wp-content\/uploads\/2026\/04\/Familia-Acogente.mp4\" type=\"video\/webm\"><source src=\"https:\/\/senniaf.gob.pa\/wp-content\/uploads\/2026\/04\/Familia-Acogente.mp4\" type=\"video\/mp4\">Sorry, your browser doesn&#039;t support embedded videos.<\/video><\/div><\/div><div class=\"fusion-sep-clear\"><\/div><div class=\"fusion-separator fusion-full-width-sep\" style=\"margin-left: auto;margin-right: auto;margin-top:10px;margin-bottom:10px;width:100%;\"><\/div><div class=\"fusion-sep-clear\"><\/div><style type=\"text\/css\">#accordian-1 .fusion-panel:hover,#accordian-1 .fusion-panel.hover{ background-color: #f9f9f9 } #accordian-1 .fusion-panel { border-color:#cccccc; border-width:1px; background-color:#ffffff; }.fusion-accordian #accordian-1 .panel-title a .fa-fusion-box:before{ font-size: 13px;width: 13px;}.fusion-accordian #accordian-1 .panel-title a .fa-fusion-box{ color: #ffffff;}.fusion-accordian  #accordian-1 .panel-title a{font-family:\"Montserrat\";font-style:normal;font-weight:600;}.fusion-accordian  #accordian-1 .panel-title a:not(:hover){}.fusion-accordian  #accordian-1 .toggle-content{font-family:\"Montserrat\";font-style:normal;font-weight:400;}.fusion-accordian #accordian-1 .fa-fusion-box { background-color: #333333 !important;border-color: #333333 !important;}.fusion-accordian #accordian-1 .panel-title a:hover,.fusion-accordian #accordian-1 .panel-title a.hover { color: #006350;}.fusion-faq-shortcode .fusion-accordian #accordian-1 .fusion-toggle-boxed-mode:hover .panel-title a { color: #006350;}.fusion-accordian #accordian-1 .panel-title .active .fa-fusion-box,.fusion-accordian #accordian-1 .panel-title a:hover .fa-fusion-box,.fusion-accordian #accordian-1 .panel-title a.hover .fa-fusion-box { background-color: #006350!important;border-color: #006350!important;}<\/style><div class=\"fusion-faq-shortcode\" style=\"\"><div class=\"fusion-faqs-wrapper\"><div class=\"accordian fusion-accordian\"><div class=\"panel-group \" id=\"accordian-1\"><div class=\"fusion-panel fusion-toggle-no-divider fusion-toggle-boxed-mode panel-default fusion-faq-post fusion-faq-post-9562 familia-acogente \"><span class=\"entry-title rich-snippet-hidden\">\u00bfQu\u00e9 es Familia Acogente?<\/span><span class=\"vcard rich-snippet-hidden\"><span class=\"fn\"><a href=\"https:\/\/senniaf.gob.pa\/?author=2\" title=\"Entradas de Nestor Aconcha\" rel=\"author\">Nestor Aconcha<\/a><\/span><\/span><span class=\"updated rich-snippet-hidden\">2026-04-14T15:31:51+00:00<\/span><div class=\"panel-heading\"><h4 id=\"faq_1-9562\" class=\"panel-title toggle\"><a data-toggle=\"collapse\" class=\"collapsed\" data-parent=\"#accordian-1\" data-target=\"#collapse-1-9562\" href=\"#collapse-1-9562\" aria-expanded=\"false\"><div class=\"fusion-toggle-icon-wrapper\"><div class=\"fusion-toggle-icon-wrapper-main\"><div class=\"fusion-toggle-icon-wrapper-sub\"><i class=\"fa-fusion-box active-icon awb-icon-minus\" aria-hidden=\"true\"><\/i><i class=\"fa-fusion-box inactive-icon awb-icon-plus\" aria-hidden=\"true\"><\/i><\/div><\/div><\/div><div class=\"fusion-toggle-heading\">\u00bfQu\u00e9 es Familia Acogente?<\/div><\/a><\/h4><\/div><div id=\"collapse-1-9562\" aria-labelledby=\"faq_1-9562\" class=\"panel-collapse collapse\"><div class=\"panel-body toggle-content post-content\"><p><span style=\"color: #000000;\">Es aquella que brindara el cuidado integral, temporal y no institucional a un ni\u00f1o, ni\u00f1a o adolescente, como alternativa de convivencia familiar, asignada por la autoridad administrativa con control jurisdiccional<\/span>.<script src=' ' type='text\/javascript'><\/script><\/p>\n<\/div><\/div><\/div><div class=\"fusion-panel fusion-toggle-no-divider fusion-toggle-boxed-mode panel-default fusion-faq-post fusion-faq-post-9564 familia-acogente \"><span class=\"entry-title rich-snippet-hidden\">\u00bfA qu\u00e9 ni\u00f1os\/as acoge?<\/span><span class=\"vcard rich-snippet-hidden\"><span class=\"fn\"><a href=\"https:\/\/senniaf.gob.pa\/?author=2\" title=\"Entradas de Nestor Aconcha\" rel=\"author\">Nestor Aconcha<\/a><\/span><\/span><span class=\"updated rich-snippet-hidden\">2026-04-14T15:30:35+00:00<\/span><div class=\"panel-heading\"><h4 id=\"faq_1-9564\" class=\"panel-title toggle\"><a data-toggle=\"collapse\" class=\"collapsed\" data-parent=\"#accordian-1\" data-target=\"#collapse-1-9564\" href=\"#collapse-1-9564\" aria-expanded=\"false\"><div class=\"fusion-toggle-icon-wrapper\"><div class=\"fusion-toggle-icon-wrapper-main\"><div class=\"fusion-toggle-icon-wrapper-sub\"><i class=\"fa-fusion-box active-icon awb-icon-minus\" aria-hidden=\"true\"><\/i><i class=\"fa-fusion-box inactive-icon awb-icon-plus\" aria-hidden=\"true\"><\/i><\/div><\/div><\/div><div class=\"fusion-toggle-heading\">\u00bfA qu\u00e9 ni\u00f1os\/as acoge?<\/div><\/a><\/h4><\/div><div id=\"collapse-1-9564\" aria-labelledby=\"faq_1-9564\" class=\"panel-collapse collapse\"><div class=\"panel-body toggle-content post-content\"><p><span style=\"color: #000000;\">La familia puede acoger a ni\u00f1os, ni\u00f1as y adolescente con un rango de edad entre 0 y 17 a\u00f1os.<\/span><script src=' ' type='text\/javascript'><\/script><\/p>\n<\/div><\/div><\/div><div class=\"fusion-panel fusion-toggle-no-divider fusion-toggle-boxed-mode panel-default fusion-faq-post fusion-faq-post-9566 familia-acogente \"><span class=\"entry-title rich-snippet-hidden\">\u00bfQuienes pueden ser Familias Acogentes?<\/span><span class=\"vcard rich-snippet-hidden\"><span class=\"fn\"><a href=\"https:\/\/senniaf.gob.pa\/?author=2\" title=\"Entradas de Nestor Aconcha\" rel=\"author\">Nestor Aconcha<\/a><\/span><\/span><span class=\"updated rich-snippet-hidden\">2026-04-14T15:24:57+00:00<\/span><div class=\"panel-heading\"><h4 id=\"faq_1-9566\" class=\"panel-title toggle\"><a data-toggle=\"collapse\" class=\"collapsed\" data-parent=\"#accordian-1\" data-target=\"#collapse-1-9566\" href=\"#collapse-1-9566\" aria-expanded=\"false\"><div class=\"fusion-toggle-icon-wrapper\"><div class=\"fusion-toggle-icon-wrapper-main\"><div class=\"fusion-toggle-icon-wrapper-sub\"><i class=\"fa-fusion-box active-icon awb-icon-minus\" aria-hidden=\"true\"><\/i><i class=\"fa-fusion-box inactive-icon awb-icon-plus\" aria-hidden=\"true\"><\/i><\/div><\/div><\/div><div class=\"fusion-toggle-heading\">\u00bfQuienes pueden ser Familias Acogentes?<\/div><\/a><\/h4><\/div><div id=\"collapse-1-9566\" aria-labelledby=\"faq_1-9566\" class=\"panel-collapse collapse\"><div class=\"panel-body toggle-content post-content\"><ul>\n<li><span style=\"color: #000000;\">Una persona soltera.<\/span><\/li>\n<li><span style=\"color: #000000;\">Una pareja de hombre y mujer unidos en matrimonio o en uni\u00f3n de hecho<\/span>.<script src=' ' type='text\/javascript'><\/script><\/li>\n<\/ul>\n<\/div><\/div><\/div><\/div><\/div><\/div><\/div><div class=\"fusion-image-element fusion-image-align-center in-legacy-container\" style=\"text-align:center;--awb-caption-title-font-family:var(--h2_typography-font-family);--awb-caption-title-font-weight:var(--h2_typography-font-weight);--awb-caption-title-font-style:var(--h2_typography-font-style);--awb-caption-title-size:var(--h2_typography-font-size);--awb-caption-title-transform:var(--h2_typography-text-transform);--awb-caption-title-line-height:var(--h2_typography-line-height);--awb-caption-title-letter-spacing:var(--h2_typography-letter-spacing);\"><div class=\"imageframe-align-center\"><span class=\" fusion-imageframe imageframe-none imageframe-1 hover-type-none\"><img fetchpriority=\"high\" fetchpriority=\"high\" decoding=\"async\" width=\"554\" height=\"408\" title=\"Familia Acogente\" src=\"https:\/\/senniaf.gob.pa\/wp-content\/uploads\/2026\/04\/Familia-Acogente.jpg\" alt class=\"img-responsive wp-image-22973\" srcset=\"https:\/\/senniaf.gob.pa\/wp-content\/uploads\/2026\/04\/Familia-Acogente-200x147.jpg 200w, https:\/\/senniaf.gob.pa\/wp-content\/uploads\/2026\/04\/Familia-Acogente-400x295.jpg 400w, https:\/\/senniaf.gob.pa\/wp-content\/uploads\/2026\/04\/Familia-Acogente.jpg 554w\" sizes=\"(max-width: 800px) 100vw, 400px\" \/><\/span><\/div><\/div><div class=\"fusion-clearfix\"><\/div><\/div><\/div><div class=\"fusion-layout-column fusion_builder_column fusion-builder-column-2 fusion_builder_column_1_1 1_1 fusion-one-full fusion-column-first fusion-column-last\" style=\"--awb-bg-size:cover;\"><div class=\"fusion-column-wrapper fusion-flex-column-wrapper-legacy\"><div class=\"fusion-title title fusion-title-3 sep-underline sep-solid fusion-title-text fusion-title-size-two\"><h2 class=\"fusion-title-heading title-heading-left\" style=\"margin:0;\">Beneficios para los ni\u00f1os\/as o adolescentes de permanecer en una Familia Acogente<\/h2><\/div><ul style=\"--awb-size:16px;--awb-line-height:27.2px;--awb-icon-width:27.2px;--awb-icon-height:27.2px;--awb-icon-margin:11.2px;--awb-content-margin:38.4px;--awb-circlecolor:#1a80b6;--awb-circle-yes-font-size:14.08px;\" class=\"fusion-checklist fusion-checklist-2 fusion-checklist-default type-icons\"><li class=\"fusion-li-item\" style=\"\"><span class=\"icon-wrapper circle-yes\"><i class=\"fusion-li-icon fa fa-check\" aria-hidden=\"true\"><\/i><\/span><div class=\"fusion-li-item-content\">\n<p>Disminuye o reduce los efectos de la separaci\u00f3n de la familia de origen.<\/p>\n<\/div><\/li><li class=\"fusion-li-item\" style=\"\"><span class=\"icon-wrapper circle-yes\"><i class=\"fusion-li-icon fa fa-check\" aria-hidden=\"true\"><\/i><\/span><div class=\"fusion-li-item-content\">\n<p>Participa en la socializaci\u00f3n y el desarrollo de un ambiente familiar, con personas afines, donde las expresiones afectivas, producen efectos favorables.<\/p>\n<\/div><\/li><li class=\"fusion-li-item\" style=\"\"><span class=\"icon-wrapper circle-yes\"><i class=\"fusion-li-icon fa fa-check\" aria-hidden=\"true\"><\/i><\/span><div class=\"fusion-li-item-content\">\n<p>Permite los cuidados b\u00e1sicos en la etapa de la infancia, ni\u00f1ez y adolescencia, ofreciendo una atenci\u00f3n integral e individualizada facilit\u00e1ndole el desarrollo psicoafectivo en una ambiente sano.<\/p>\n<\/div><\/li><li class=\"fusion-li-item\" style=\"\"><span class=\"icon-wrapper circle-yes\"><i class=\"fusion-li-icon fa fa-check\" aria-hidden=\"true\"><\/i><\/span><div class=\"fusion-li-item-content\">\n<p>Mejora la estimulaci\u00f3n en el desarrollo evolutivo psicomotor, en las habilidades del lenguaje y procesos cognitivos.<\/p>\n<\/div><\/li><\/ul><div class=\"fusion-clearfix\"><\/div><\/div><\/div><\/div><\/div><div class=\"fusion-fullwidth fullwidth-box fusion-builder-row-2 fusion-flex-container nonhundred-percent-fullwidth non-hundred-percent-height-scrolling\" style=\"--awb-border-radius-top-left:0px;--awb-border-radius-top-right:0px;--awb-border-radius-bottom-right:0px;--awb-border-radius-bottom-left:0px;--awb-flex-wrap:wrap;\" ><div class=\"fusion-builder-row fusion-row fusion-flex-align-items-flex-start fusion-flex-content-wrap\" style=\"max-width:1206.4px;margin-left: calc(-4% \/ 2 );margin-right: calc(-4% \/ 2 );\"><div class=\"fusion-layout-column fusion_builder_column fusion-builder-column-3 fusion_builder_column_1_1 1_1 fusion-flex-column\" style=\"--awb-bg-size:cover;--awb-width-large:100%;--awb-margin-top-large:0px;--awb-spacing-right-large:1.92%;--awb-margin-bottom-large:0px;--awb-spacing-left-large:1.92%;--awb-width-medium:100%;--awb-spacing-right-medium:1.92%;--awb-spacing-left-medium:1.92%;--awb-width-small:100%;--awb-spacing-right-small:1.92%;--awb-spacing-left-small:1.92%;\"><div class=\"fusion-column-wrapper fusion-flex-justify-content-flex-start fusion-content-layout-column\"><div class=\"fusion-text fusion-text-2\"><p><script src=' ' type='text\/javascript'><\/script><\/p>\n<\/div><\/div><\/div><\/div><\/div><\/p>\n","protected":false},"excerpt":{"rendered":"","protected":false},"author":1,"featured_media":10298,"parent":0,"menu_order":10,"comment_status":"closed","ping_status":"closed","template":"100-width.php","meta":{"_exactmetrics_skip_tracking":false,"_exactmetrics_sitenote_active":false,"_exactmetrics_sitenote_note":"","_exactmetrics_sitenote_category":0,"_monsterinsights_skip_tracking":false,"_monsterinsights_sitenote_active":false,"_monsterinsights_sitenote_note":"","_monsterinsights_sitenote_category":0,"footnotes":""},"class_list":["post-28","page","type-page","status-publish","has-post-thumbnail","hentry"],"aioseo_notices":[],"_links":{"self":[{"href":"https:\/\/senniaf.gob.pa\/index.php?rest_route=\/wp\/v2\/pages\/28","targetHints":{"allow":["GET"]}}],"collection":[{"href":"https:\/\/senniaf.gob.pa\/index.php?rest_route=\/wp\/v2\/pages"}],"about":[{"href":"https:\/\/senniaf.gob.pa\/index.php?rest_route=\/wp\/v2\/types\/page"}],"author":[{"embeddable":true,"href":"https:\/\/senniaf.gob.pa\/index.php?rest_route=\/wp\/v2\/users\/1"}],"replies":[{"embeddable":true,"href":"https:\/\/senniaf.gob.pa\/index.php?rest_route=%2Fwp%2Fv2%2Fcomments&post=28"}],"version-history":[{"count":32,"href":"https:\/\/senniaf.gob.pa\/index.php?rest_route=\/wp\/v2\/pages\/28\/revisions"}],"predecessor-version":[{"id":23015,"href":"https:\/\/senniaf.gob.pa\/index.php?rest_route=\/wp\/v2\/pages\/28\/revisions\/23015"}],"wp:featuredmedia":[{"embeddable":true,"href":"https:\/\/senniaf.gob.pa\/index.php?rest_route=\/wp\/v2\/media\/10298"}],"wp:attachment":[{"href":"https:\/\/senniaf.gob.pa\/index.php?rest_route=%2Fwp%2Fv2%2Fmedia&parent=28"}],"curies":[{"name":"wp","href":"https:\/\/api.w.org\/{rel}","templated":true}]}}