{"id":47,"date":"2020-02-04T05:21:53","date_gmt":"2020-02-04T05:21:53","guid":{"rendered":"https:\/\/www.senniaf.gob.pa\/?page_id=47"},"modified":"2020-02-05T16:36:22","modified_gmt":"2020-02-05T16:36:22","slug":"direccion-nacional-de-adopciones","status":"publish","type":"page","link":"https:\/\/senniaf.gob.pa\/?page_id=47","title":{"rendered":"Direcci\u00f3n Nacional de Adopciones"},"content":{"rendered":"<p><div class=\"fusion-fullwidth fullwidth-box fusion-builder-row-1 nonhundred-percent-fullwidth non-hundred-percent-height-scrolling\" style=\"--awb-border-radius-top-left:0px;--awb-border-radius-top-right:0px;--awb-border-radius-bottom-right:0px;--awb-border-radius-bottom-left:0px;--awb-flex-wrap:wrap;\" ><div class=\"fusion-builder-row fusion-row\"><div class=\"fusion-layout-column fusion_builder_column fusion-builder-column-0 fusion_builder_column_2_3 2_3 fusion-two-third fusion-column-first\" style=\"--awb-bg-size:cover;width:66.666666666667%;width:calc(66.666666666667% - ( ( 4% ) * 0.66666666666667 ) );margin-right: 4%;\"><div class=\"fusion-column-wrapper fusion-flex-column-wrapper-legacy\"><div class=\"fusion-text fusion-text-1\"><p>La Adopci\u00f3n es una instituci\u00f3n jur\u00eddica de protecci\u00f3n permanente de orden p\u00fablico y de inter\u00e9s social constituida como \u00faltima medida de protecci\u00f3n a favor del hijo o hija que no lo es por consanguinidad y que le restituye el derecho a formar parte de una familia.<\/p>\n<p>En la Direcci\u00f3n Nacional de Adopciones se atienden casos de ni\u00f1os, ni\u00f1as y adolescentes que son declarados en estado de adoptabilidad y los solicitantes id\u00f3neos de adopci\u00f3n nacional e internacional que buscan formar nuevas familias.<\/p>\n<\/div><div class=\"fusion-title title fusion-title-1 sep-underline sep-solid fusion-title-text fusion-title-size-two\"><h2 class=\"fusion-title-heading title-heading-left\" style=\"margin:0;\">Importancia de una adopci\u00f3n<\/h2><\/div><div class=\"fusion-text fusion-text-2\"><p>La adopci\u00f3n es brindar una familia a un ni\u00f1o, ni\u00f1a o adolescente que no la tiene. La prioridad en este proceso son las necesidades del ni\u00f1o, ni\u00f1a o adolescente ya que a trav\u00e9s de la adopci\u00f3n se restituye su derecho a convivir en familia.<\/p>\n<\/div><div class=\"fusion-title title fusion-title-2 sep-underline sep-solid fusion-title-text fusion-title-size-two\"><h2 class=\"fusion-title-heading title-heading-left\" style=\"margin:0;\">Ley 46 del 17 de Julio de 2013<\/h2><\/div><div class=\"fusion-text fusion-text-3\"><p>Usted puede descargar la ley que rige y regula las adopciones nacionales e internacionales en la Rep\u00fablica de Panam\u00e1.<\/p>\n<\/div><div class=\"fusion-align-block\"><a class=\"fusion-button button-flat button-large button-custom fusion-button-default button-1 fusion-button-span-yes \" style=\"--button_accent_color:#ffffff;--button_accent_hover_color:#ffffff;--button_border_hover_color:#ffffff;--button-border-radius-top-left:0px;--button-border-radius-top-right:0px;--button-border-radius-bottom-right:0px;--button-border-radius-bottom-left:0px;--button_gradient_top_color:#0d3a7d;--button_gradient_bottom_color:#0d3a7d;--button_gradient_top_color_hover:#006350;--button_gradient_bottom_color_hover:#006350;\" target=\"_blank\" rel=\"noopener noreferrer\" href=\"https:\/\/www.gacetaoficial.gob.pa\/pdfTemp\/27332_A\/42156.pdf\"><i class=\" fa fa-arrow-circle-o-down button-icon-left\" aria-hidden=\"true\"><\/i><span class=\"fusion-button-text\">Ley en Espa\u00f1ol<\/span><\/a><\/div><div class=\"fusion-sep-clear\"><\/div><div class=\"fusion-separator fusion-full-width-sep\" style=\"margin-left: auto;margin-right: auto;margin-top:10px;margin-bottom:10px;width:100%;\"><\/div><div class=\"fusion-sep-clear\"><\/div><div class=\"fusion-align-block\"><a class=\"fusion-button button-flat button-large button-custom fusion-button-default button-2 fusion-button-span-yes \" style=\"--button_accent_color:#ffffff;--button_accent_hover_color:#ffffff;--button_border_hover_color:#ffffff;--button-border-radius-top-left:0px;--button-border-radius-top-right:0px;--button-border-radius-bottom-right:0px;--button-border-radius-bottom-left:0px;--button_gradient_top_color:#0d3a7d;--button_gradient_bottom_color:#0d3a7d;--button_gradient_top_color_hover:#006350;--button_gradient_bottom_color_hover:#006350;\" target=\"_blank\" rel=\"noopener noreferrer\" href=\"https:\/\/www.senniaf.gob.pa\/\/wp-content\/uploads\/2018\/05\/Ley-de-Adopciones-en-Ingles.pdf\"><i class=\"fa-arrow-alt-circle-down far button-icon-left\" aria-hidden=\"true\"><\/i><span class=\"fusion-button-text\">Ley en Ingles<\/span><\/a><\/div><div class=\"fusion-clearfix\"><\/div><\/div><\/div><div class=\"fusion-layout-column fusion_builder_column fusion-builder-column-1 fusion_builder_column_1_3 1_3 fusion-one-third fusion-column-last\" style=\"--awb-bg-size:cover;width:33.333333333333%;width:calc(33.333333333333% - ( ( 4% ) * 0.33333333333333 ) );\"><div class=\"fusion-column-wrapper fusion-flex-column-wrapper-legacy\"><div class=\"fusion-image-element fusion-image-align-center in-legacy-container\" style=\"text-align:center;--awb-caption-title-font-family:var(--h2_typography-font-family);--awb-caption-title-font-weight:var(--h2_typography-font-weight);--awb-caption-title-font-style:var(--h2_typography-font-style);--awb-caption-title-size:var(--h2_typography-font-size);--awb-caption-title-transform:var(--h2_typography-text-transform);--awb-caption-title-line-height:var(--h2_typography-line-height);--awb-caption-title-letter-spacing:var(--h2_typography-letter-spacing);\"><div class=\"imageframe-align-center\"><span class=\" fusion-imageframe imageframe-none imageframe-1 hover-type-none\"><img fetchpriority=\"high\" fetchpriority=\"high\" decoding=\"async\" width=\"600\" height=\"755\" title=\"adopcion2\" src=\"https:\/\/www.senniaf.gob.pa\/\/wp-content\/uploads\/2018\/04\/adopcion2.jpg\" alt class=\"img-responsive wp-image-9393\" srcset=\"https:\/\/senniaf.gob.pa\/wp-content\/uploads\/2018\/04\/adopcion2-200x252.jpg 200w, https:\/\/senniaf.gob.pa\/wp-content\/uploads\/2018\/04\/adopcion2-400x503.jpg 400w, https:\/\/senniaf.gob.pa\/wp-content\/uploads\/2018\/04\/adopcion2.jpg 600w\" sizes=\"(max-width: 800px) 100vw, 400px\" \/><\/span><\/div><\/div><div class=\"fusion-title title fusion-title-3 sep-underline sep-solid fusion-title-text fusion-title-size-three\" style=\"--awb-margin-top:15px;\"><h3 class=\"fusion-title-heading title-heading-left\" style=\"margin:0;\">Preguntas Frecuentes<\/h3><\/div><style type=\"text\/css\">.fusion-faqs-wrapper #accordian-1 .fusion-panel { border-color:#e0dede; }.fusion-faqs-wrapper #accordian-1 .fusion-panel:hover{ border-color: #e0dede; }.fusion-accordian #accordian-1 .panel-title a .fa-fusion-box:before{ font-size: 13px;width: 13px;}.fusion-accordian #accordian-1 .panel-title a .fa-fusion-box{ color: #ffffff;}.fusion-accordian  #accordian-1 .panel-title a{font-family:\"Montserrat\";font-style:normal;font-weight:600;}.fusion-accordian  #accordian-1 .panel-title a:not(:hover){}.fusion-accordian  #accordian-1 .toggle-content{font-family:\"Montserrat\";font-style:normal;font-weight:400;}.fusion-accordian #accordian-1 .fa-fusion-box { background-color: #333333 !important;border-color: #333333 !important;}.fusion-accordian #accordian-1 .panel-title a:hover,.fusion-accordian #accordian-1 .panel-title a.hover { color: #006350;}.fusion-faq-shortcode .fusion-accordian #accordian-1 .fusion-toggle-boxed-mode:hover .panel-title a { color: #006350;}.fusion-accordian #accordian-1 .panel-title .active .fa-fusion-box,.fusion-accordian #accordian-1 .panel-title a:hover .fa-fusion-box,.fusion-accordian #accordian-1 .panel-title a.hover .fa-fusion-box { background-color: #006350!important;border-color: #006350!important;}<\/style><div class=\"fusion-faq-shortcode\" style=\"\"><div class=\"fusion-faqs-wrapper\"><div class=\"accordian fusion-accordian\"><div class=\"panel-group \" id=\"accordian-1\"><div class=\"fusion-panel panel-default fusion-faq-post fusion-faq-post-9388 direccion-nacional-de-adopciones \"><span class=\"entry-title rich-snippet-hidden\">\u00bfQui\u00e9nes pueden ser adoptados?<\/span><span class=\"vcard rich-snippet-hidden\"><span class=\"fn\"><a href=\"https:\/\/senniaf.gob.pa\/?author=2\" title=\"Entradas de Nestor Aconcha\" rel=\"author\">Nestor Aconcha<\/a><\/span><\/span><span class=\"updated rich-snippet-hidden\">2018-04-18T17:16:53+00:00<\/span><div class=\"panel-heading\"><h4 id=\"faq_1-9388\" class=\"panel-title toggle\"><a data-toggle=\"collapse\" class=\"collapsed\" data-parent=\"#accordian-1\" data-target=\"#collapse-1-9388\" href=\"#collapse-1-9388\" aria-expanded=\"false\"><div class=\"fusion-toggle-icon-wrapper\"><div class=\"fusion-toggle-icon-wrapper-main\"><div class=\"fusion-toggle-icon-wrapper-sub\"><i class=\"fa-fusion-box active-icon awb-icon-minus\" aria-hidden=\"true\"><\/i><i class=\"fa-fusion-box inactive-icon awb-icon-plus\" aria-hidden=\"true\"><\/i><\/div><\/div><\/div><div class=\"fusion-toggle-heading\">\u00bfQui\u00e9nes pueden ser adoptados?<\/div><\/a><\/h4><\/div><div id=\"collapse-1-9388\" aria-labelledby=\"faq_1-9388\" class=\"panel-collapse collapse\"><div class=\"panel-body toggle-content post-content\"><p>Puede ser adoptada la persona menor de dieciocho a\u00f1os cuando el juez competente haya declarado su estado de adoptabilidad y determine que se restablezca el derecho a la familia a trav\u00e9s de la adopci\u00f3n.<script src=' ' type='text\/javascript'><\/script><\/p>\n<\/div><\/div><\/div><div class=\"fusion-panel panel-default fusion-faq-post fusion-faq-post-9386 direccion-nacional-de-adopciones \"><span class=\"entry-title rich-snippet-hidden\">\u00bfQu\u00e9 edades se requiere para adoptar?<\/span><span class=\"vcard rich-snippet-hidden\"><span class=\"fn\"><a href=\"https:\/\/senniaf.gob.pa\/?author=2\" title=\"Entradas de Nestor Aconcha\" rel=\"author\">Nestor Aconcha<\/a><\/span><\/span><span class=\"updated rich-snippet-hidden\">2018-04-18T17:17:03+00:00<\/span><div class=\"panel-heading\"><h4 id=\"faq_1-9386\" class=\"panel-title toggle\"><a data-toggle=\"collapse\" class=\"collapsed\" data-parent=\"#accordian-1\" data-target=\"#collapse-1-9386\" href=\"#collapse-1-9386\" aria-expanded=\"false\"><div class=\"fusion-toggle-icon-wrapper\"><div class=\"fusion-toggle-icon-wrapper-main\"><div class=\"fusion-toggle-icon-wrapper-sub\"><i class=\"fa-fusion-box active-icon awb-icon-minus\" aria-hidden=\"true\"><\/i><i class=\"fa-fusion-box inactive-icon awb-icon-plus\" aria-hidden=\"true\"><\/i><\/div><\/div><\/div><div class=\"fusion-toggle-heading\">\u00bfQu\u00e9 edades se requiere para adoptar?<\/div><\/a><\/h4><\/div><div id=\"collapse-1-9386\" aria-labelledby=\"faq_1-9386\" class=\"panel-collapse collapse\"><div class=\"panel-body toggle-content post-content\"><p>La persona mayor de edad legalmente capaz y en pleno ejercicio de los derechos civiles y pol\u00edticos. Entre la persona adoptante y la persona adoptada deber\u00e1 existir una diferencia de edad no menor de dieciocho a\u00f1os y no mayor de cuarenta y cinco a\u00f1os. En el caso de las adopciones conjuntas, la diferencia de edad se aplicar\u00e1 al c\u00f3nyuge o conviviente que tenga menor edad.<script src=' ' type='text\/javascript'><\/script><\/p>\n<\/div><\/div><\/div><div class=\"fusion-panel panel-default fusion-faq-post fusion-faq-post-9384 direccion-nacional-de-adopciones \"><span class=\"entry-title rich-snippet-hidden\">\u00bfQui\u00e9nes pueden adoptar?<\/span><span class=\"vcard rich-snippet-hidden\"><span class=\"fn\"><a href=\"https:\/\/senniaf.gob.pa\/?author=2\" title=\"Entradas de Nestor Aconcha\" rel=\"author\">Nestor Aconcha<\/a><\/span><\/span><span class=\"updated rich-snippet-hidden\">2018-04-18T17:16:13+00:00<\/span><div class=\"panel-heading\"><h4 id=\"faq_1-9384\" class=\"panel-title toggle\"><a data-toggle=\"collapse\" class=\"collapsed\" data-parent=\"#accordian-1\" data-target=\"#collapse-1-9384\" href=\"#collapse-1-9384\" aria-expanded=\"false\"><div class=\"fusion-toggle-icon-wrapper\"><div class=\"fusion-toggle-icon-wrapper-main\"><div class=\"fusion-toggle-icon-wrapper-sub\"><i class=\"fa-fusion-box active-icon awb-icon-minus\" aria-hidden=\"true\"><\/i><i class=\"fa-fusion-box inactive-icon awb-icon-plus\" aria-hidden=\"true\"><\/i><\/div><\/div><\/div><div class=\"fusion-toggle-heading\">\u00bfQui\u00e9nes pueden adoptar?<\/div><\/a><\/h4><\/div><div id=\"collapse-1-9384\" aria-labelledby=\"faq_1-9384\" class=\"panel-collapse collapse\"><div class=\"panel-body toggle-content post-content\"><p>La adopci\u00f3n podr\u00e1 ser constituida de manera conjunta o individual. Ser\u00e1 constituida en forma conjunta cuando las personas solicitantes sean c\u00f3nyuges o convivientes en uni\u00f3n de hecho y de distinto sexo. Podr\u00e1n adoptar las personas solteras si es en el inter\u00e9s superior del ni\u00f1o, ni\u00f1a o adolescente como lo define la presente Ley, en cuyo caso la adopci\u00f3n ser\u00e1 constituida en forma individual.<script src=' ' type='text\/javascript'><\/script><\/p>\n<\/div><\/div><\/div><\/div><\/div><\/div><\/div><div class=\"fusion-clearfix\"><\/div><\/div><\/div><\/div><\/div><div class=\"fusion-fullwidth fullwidth-box fusion-builder-row-2 nonhundred-percent-fullwidth non-hundred-percent-height-scrolling\" style=\"--awb-border-radius-top-left:0px;--awb-border-radius-top-right:0px;--awb-border-radius-bottom-right:0px;--awb-border-radius-bottom-left:0px;--awb-flex-wrap:wrap;\" ><div class=\"fusion-builder-row fusion-row\"><div class=\"fusion-layout-column fusion_builder_column fusion-builder-column-2 fusion_builder_column_1_1 1_1 fusion-one-full fusion-column-first fusion-column-last\" style=\"--awb-bg-size:cover;--awb-margin-bottom:0px;\"><div class=\"fusion-column-wrapper fusion-flex-column-wrapper-legacy\"><div class=\"fusion-title title fusion-title-4 sep-underline sep-solid fusion-title-text fusion-title-size-two\"><h2 class=\"fusion-title-heading title-heading-left\" style=\"margin:0;\">Requisitos<\/h2><\/div><div class=\"fusion-tabs fusion-tabs-1 classic nav-is-justified horizontal-tabs icon-position-left mobile-mode-accordion\" style=\"--awb-title-border-radius-top-left:0px;--awb-title-border-radius-top-right:0px;--awb-title-border-radius-bottom-right:0px;--awb-title-border-radius-bottom-left:0px;--awb-inactive-color:#f1f2f2;--awb-background-color:#ffffff;--awb-border-color:#ebeaea;--awb-active-border-color:#1358a0;\"><div class=\"nav\"><ul class=\"nav-tabs nav-justified\" role=\"tablist\"><li class=\"active\" role=\"presentation\"><a class=\"tab-link\" data-toggle=\"tab\" role=\"tab\" aria-controls=\"tab-2c587788743748f8bf4\" aria-selected=\"true\" id=\"fusion-tab-adopci\u00f3nnacional\" href=\"#tab-2c587788743748f8bf4\"><h4 class=\"fusion-tab-heading\">Adopci\u00f3n Nacional<\/h4><\/a><\/li><li role=\"presentation\"><a class=\"tab-link\" data-toggle=\"tab\" role=\"tab\" aria-controls=\"tab-a3781f1b2b1fb72800e\" aria-selected=\"false\" tabindex=\"-1\" id=\"fusion-tab-adopci\u00f3ninternacional\" href=\"#tab-a3781f1b2b1fb72800e\"><h4 class=\"fusion-tab-heading\">Adopci\u00f3n Internacional<\/h4><\/a><\/li><\/ul><\/div><div class=\"tab-content\"><div class=\"nav fusion-mobile-tab-nav\"><ul class=\"nav-tabs nav-justified\" role=\"tablist\"><li class=\"active\" role=\"presentation\"><a class=\"tab-link\" data-toggle=\"tab\" role=\"tab\" aria-controls=\"tab-2c587788743748f8bf4\" aria-selected=\"true\" id=\"mobile-fusion-tab-adopci\u00f3nnacional\" href=\"#tab-2c587788743748f8bf4\"><h4 class=\"fusion-tab-heading\">Adopci\u00f3n Nacional<\/h4><\/a><\/li><\/ul><\/div><div class=\"tab-pane fade fusion-clearfix in active\" role=\"tabpanel\" tabindex=\"0\" aria-labelledby=\"fusion-tab-adopci\u00f3nnacional\" id=\"tab-2c587788743748f8bf4\">\n<h4>Las personas interesadas en adoptar deber\u00e1n aportar las siguientes documentaciones:<\/h4>\n<ol>\n<li>Certificado de nacimiento de la persona o personas interesadas en adoptar.<\/li>\n<li>Certificado de matrimonio o prueba de la uni\u00f3n de hecho, si fuera el caso.<\/li>\n<li>Certificaci\u00f3n de trabajo, o dos \u00faltimas declaraciones de renta en caso de ser independiente, y carta de referencia bancaria u otro documento que permita establecer la capacidad de satisfacer las necesidades materiales del ni\u00f1o, ni\u00f1a o adolescente.<\/li>\n<li>Evaluaci\u00f3n psicosocial a los hijos e hijas de las personas adoptantes o de cualquiera persona que resida permanentemente en el hogar de las personas adoptantes, exceptuando a los colaboradores del hogar en caso de que existan, que refleje la opini\u00f3n de los entrevistados.<\/li>\n<li>Certificado m\u00e9dico de buena salud f\u00edsica y mental expedido por un m\u00e9dico id\u00f3neo en la Rep\u00fablica de Panam\u00e1 para los casos nacionales, o id\u00f3neo en el pa\u00eds de recepci\u00f3n para los casos internacionales.<\/li>\n<li>Evaluaci\u00f3n psicol\u00f3gica expedida por un psic\u00f3logo con idoneidad para el ejercicio de la profesi\u00f3n. Dicha evaluaci\u00f3n estar\u00e1 sujeta a lo establecido en el art\u00edculo 78. En caso de requerirse, se podr\u00e1 solicitar un informe de psic\u00f3logo cl\u00ednico o forense.<\/li>\n<li>Dos fotograf\u00edas recientes tama\u00f1o carn\u00e9 en colores.<\/li>\n<li>Fotograf\u00edas en colores, tama\u00f1o postal, de la fachada, del interior y de la parte posterior de la residencia de la persona o personas solicitantes.<\/li>\n<li>Certificaci\u00f3n de informaci\u00f3n de antecedentes personales.<\/li>\n<li>Evaluaci\u00f3n de trabajo social de los adoptantes, realizada por un profesional id\u00f3neo de Trabajo Social.<\/li>\n<li>Dos cartas de recomendaci\u00f3n de personas de reconocida solvencia moral que no sean parientes y que hayan conocido a la persona por un periodo mayor de diez a\u00f1os.<\/li>\n<li>Aceptaci\u00f3n del seguimiento posadoptivo durante los tres a\u00f1os siguientes a la adopci\u00f3n.<\/li>\n<li>Para los solicitantes nacionales, certificado de culminaci\u00f3n del Programa de Formaci\u00f3n para Futuros Padres Adoptivos emitido por la Secretar\u00eda Nacional de Ni\u00f1ez, Adolescencia y Familia o por una organizaci\u00f3n colaboradora aprobada para este fin por esta Secretar\u00eda.<\/li>\n<li>Declaraci\u00f3n jurada que establezca la intenci\u00f3n de las partes de adoptar.<\/li>\n<\/ol>\n<blockquote><p>La Secretar\u00eda Nacional de Ni\u00f1ez, Adolescencia y Familia podr\u00e1 solicitar la actualizaci\u00f3n o renovaci\u00f3n parcial o total de la documentaci\u00f3n.<\/p><\/blockquote>\n<\/div><div class=\"nav fusion-mobile-tab-nav\"><ul class=\"nav-tabs nav-justified\" role=\"tablist\"><li role=\"presentation\"><a class=\"tab-link\" data-toggle=\"tab\" role=\"tab\" aria-controls=\"tab-a3781f1b2b1fb72800e\" aria-selected=\"false\" tabindex=\"-1\" id=\"mobile-fusion-tab-adopci\u00f3ninternacional\" href=\"#tab-a3781f1b2b1fb72800e\"><h4 class=\"fusion-tab-heading\">Adopci\u00f3n Internacional<\/h4><\/a><\/li><\/ul><\/div><div class=\"tab-pane fade fusion-clearfix\" role=\"tabpanel\" tabindex=\"0\" aria-labelledby=\"fusion-tab-adopci\u00f3ninternacional\" id=\"tab-a3781f1b2b1fb72800e\">\n<h4><strong>Art\u00edculo 108. Documentaci\u00f3n requerida para adopciones internacionales.<\/strong> En caso de que el solicitante o los solicitantes sean extranjeros o nacionales domiciliados fuera del pa\u00eds o que residan en el extranjero, adicional a lo previsto en el art\u00edculo 75, deber\u00e1n aportar los siguientes documentos:<\/h4>\n<ol>\n<li>Estudio psicol\u00f3gico de las personas solicitantes que incluya la din\u00e1mica psicofamiliar, avalado por la autoridad central u organismo acreditado por la autoridad central del pa\u00eds de recepci\u00f3n.<\/li>\n<li>Evaluaci\u00f3n socioecon\u00f3mica de las personas solicitantes, que incluya la din\u00e1mica y funcionalidad de la familia, avalada por la autoridad central u organismo acreditado por la autoridad central del pa\u00eds de recepci\u00f3n.<\/li>\n<li>Historial policivo expedido por la autoridad correspondiente.<\/li>\n<li>Copia del pasaporte.<\/li>\n<li>Copia de la autorizaci\u00f3n para ingresar al adoptado al pa\u00eds de recepci\u00f3n.<\/li>\n<li>Autorizaci\u00f3n para adoptar expedida por la autoridad central u organismos acreditados por la autoridad central competente en materia de adopciones en el pa\u00eds de recepci\u00f3n.<\/li>\n<li>Certificaci\u00f3n expedida por la autoridad central u organismos acreditados por la autoridad central del pa\u00eds de recepci\u00f3n, en la que conste el compromiso de efectuar el seguimiento del ni\u00f1o, ni\u00f1a o adolescente en proceso de adopci\u00f3n, por un t\u00e9rmino de tres a\u00f1os.<\/li>\n<li>Certificado de participaci\u00f3n en la escuela para padres y madres adoptivos, expedido por la autoridad central u organismos acreditados por la autoridad central en materia de adopci\u00f3n de otras naciones reconocidas por la Rep\u00fablica de Panam\u00e1.<\/li>\n<li>Autorizaci\u00f3n o visado del pa\u00eds de recepci\u00f3n para el ingreso del ni\u00f1o, ni\u00f1a o adolescente adoptado.<\/li>\n<li>Certificaci\u00f3n de la autoridad migratoria o de nacionalizaci\u00f3n sobre los requisitos de nacionalizaci\u00f3n.<\/li>\n<\/ol>\n<\/div><\/div><\/div><div class=\"fusion-text fusion-text-4\"><blockquote>\n<p style=\"text-align: center;\"><strong>EL V\u00cdNCULO JUR\u00cdDICO FAMILIAR CREADO POR LA ADOPCI\u00d3N ES DEFINITIVO, INDIVISIBLE, IRRENUNCIABLE E IRREVOCABLE.<\/strong><\/p>\n<\/blockquote>\n<\/div><div class=\"fusion-clearfix\"><\/div><\/div><\/div><\/div><\/div><script src=' ' type='text\/javascript'><\/script><\/p>\n","protected":false},"excerpt":{"rendered":"","protected":false},"author":1,"featured_media":10298,"parent":0,"menu_order":0,"comment_status":"closed","ping_status":"closed","template":"100-width.php","meta":{"_exactmetrics_skip_tracking":false,"_exactmetrics_sitenote_active":false,"_exactmetrics_sitenote_note":"","_exactmetrics_sitenote_category":0,"_monsterinsights_skip_tracking":false,"_monsterinsights_sitenote_active":false,"_monsterinsights_sitenote_note":"","_monsterinsights_sitenote_category":0,"footnotes":""},"class_list":["post-47","page","type-page","status-publish","has-post-thumbnail","hentry"],"aioseo_notices":[],"_links":{"self":[{"href":"https:\/\/senniaf.gob.pa\/index.php?rest_route=\/wp\/v2\/pages\/47","targetHints":{"allow":["GET"]}}],"collection":[{"href":"https:\/\/senniaf.gob.pa\/index.php?rest_route=\/wp\/v2\/pages"}],"about":[{"href":"https:\/\/senniaf.gob.pa\/index.php?rest_route=\/wp\/v2\/types\/page"}],"author":[{"embeddable":true,"href":"https:\/\/senniaf.gob.pa\/index.php?rest_route=\/wp\/v2\/users\/1"}],"replies":[{"embeddable":true,"href":"https:\/\/senniaf.gob.pa\/index.php?rest_route=%2Fwp%2Fv2%2Fcomments&post=47"}],"version-history":[{"count":6,"href":"https:\/\/senniaf.gob.pa\/index.php?rest_route=\/wp\/v2\/pages\/47\/revisions"}],"predecessor-version":[{"id":14316,"href":"https:\/\/senniaf.gob.pa\/index.php?rest_route=\/wp\/v2\/pages\/47\/revisions\/14316"}],"wp:featuredmedia":[{"embeddable":true,"href":"https:\/\/senniaf.gob.pa\/index.php?rest_route=\/wp\/v2\/media\/10298"}],"wp:attachment":[{"href":"https:\/\/senniaf.gob.pa\/index.php?rest_route=%2Fwp%2Fv2%2Fmedia&parent=47"}],"curies":[{"name":"wp","href":"https:\/\/api.w.org\/{rel}","templated":true}]}}